{"id":482,"date":"2018-11-29T12:53:49","date_gmt":"2018-11-29T11:53:49","guid":{"rendered":"https:\/\/ifel-new.dertester.de\/?page_id=482"},"modified":"2019-01-23T15:12:44","modified_gmt":"2019-01-23T14:12:44","slug":"5-course-in-porto-maia-portugal-from-19-to-24-07-2020","status":"publish","type":"page","link":"http:\/\/ifel-institut.eu\/en\/5-course-in-porto-maia-portugal-from-19-to-24-07-2020\/","title":{"rendered":"5. Course in Porto- Maia, Portugal from 19. to 24.07.2020"},"content":{"rendered":"<p>[et_pb_section fb_built=&#8221;1&#8243; _builder_version=&#8221;3.17.6&#8243; custom_padding=&#8221;0px||0px|&#8221;][et_pb_row make_fullwidth=&#8221;on&#8221; use_custom_gutter=&#8221;on&#8221; gutter_width=&#8221;1&#8243; custom_padding=&#8221;0px||0px|&#8221; _builder_version=&#8221;3.17.6&#8243;][et_pb_column type=&#8221;4_4&#8243; _builder_version=&#8221;3.0.47&#8243; parallax=&#8221;off&#8221; parallax_method=&#8221;on&#8221;][et_pb_slider _builder_version=&#8221;3.19.5&#8243;][et_pb_slide heading=&#8221;5. Course in Porto- Maia, Portugal from 19. to 24.07.2020&#8243; use_bg_overlay=&#8221;off&#8221; use_text_overlay=&#8221;off&#8221; _builder_version=&#8221;3.19.5&#8243; header_text_align=&#8221;center&#8221; body_text_align=&#8221;center&#8221; button_on_hover=&#8221;on&#8221; button_alignment=&#8221;center&#8221; custom_padding=&#8221;100px||100px|&#8221; custom_padding_tablet=&#8221;0px||0px|&#8221; custom_padding_phone=&#8221;0px||0px|&#8221; background_color=&#8221;#0055a5&#8243;][\/et_pb_slide][\/et_pb_slider][\/et_pb_column][\/et_pb_row][\/et_pb_section][et_pb_section fb_built=&#8221;1&#8243; _builder_version=&#8221;3.17.6&#8243;][et_pb_row make_fullwidth=&#8221;on&#8221; use_custom_gutter=&#8221;on&#8221; gutter_width=&#8221;1&#8243; custom_padding=&#8221;0px||0px|&#8221; make_equal=&#8221;on&#8221; background_color_1=&#8221;#3498e4&#8243; background_color_2=&#8221;#ffffff&#8221; background_color_3=&#8221;#ffffff&#8221; padding_top_1=&#8221;30px&#8221; padding_top_2=&#8221;30px&#8221; padding_top_3=&#8221;30px&#8221; padding_right_1=&#8221;20px&#8221; padding_right_2=&#8221;30px&#8221; padding_right_3=&#8221;20px&#8221; padding_bottom_1=&#8221;30px&#8221; padding_bottom_2=&#8221;30px&#8221; padding_bottom_3=&#8221;30px&#8221; padding_left_1=&#8221;20px&#8221; padding_left_2=&#8221;30px&#8221; padding_left_3=&#8221;20px&#8221; module_class_1=&#8221;left_menu_hide&#8221; _builder_version=&#8221;3.19.5&#8243; module_alignment=&#8221;center&#8221;][et_pb_column type=&#8221;1_4&#8243; _builder_version=&#8221;3.0.47&#8243; padding_bottom=&#8221;30px&#8221; padding_left=&#8221;20px&#8221; padding_right=&#8221;20px&#8221; padding_top=&#8221;30px&#8221; background_color=&#8221;#3498e4&#8243; parallax=&#8221;off&#8221; parallax_method=&#8221;on&#8221; module_class=&#8221;left_menu_hide&#8221;][et_pb_sidebar area=&#8221;sidebar-1&#8243; _builder_version=&#8221;3.17.6&#8243;][\/et_pb_sidebar][\/et_pb_column][et_pb_column type=&#8221;1_2&#8243; _builder_version=&#8221;3.0.47&#8243; padding_bottom=&#8221;30px&#8221; padding_left=&#8221;30px&#8221; padding_right=&#8221;30px&#8221; padding_top=&#8221;30px&#8221; background_color=&#8221;#ffffff&#8221; parallax=&#8221;off&#8221; parallax_method=&#8221;on&#8221;][et_pb_text _builder_version=&#8221;3.17.6&#8243; text_text_color=&#8221;#191970&#8243;]<strong>TRAINING DESCRIPTION FORM<\/strong><\/p>\n<p>TITEL OF THE TRAINING ACTIVITY (in the language of tution English): <strong>Project Management for Cross-cultural Exchange Projects in Europe<\/strong><\/p>\n<p>TYPE OF TRAINING ACTIVITY<br \/>\nTRAINING AIMED AT PARTICIPANTS RECEIVING: <strong>A GRANT FOR ERASMUS+<\/strong><\/p>\n<p>THEMATIC FIELD OF THE TRAINING<br \/>\nGENERAL IN-SERVICE TRAINING<br \/>\nActive citezenship<br \/>\nEducation management\/ project management<br \/>\nEuropean citizenship &amp; european dimension<br \/>\nIntercultural education<br \/>\nSchool management, school autonomy<\/p>\n<p>LANGUAGES USED FOR THE TRAINING MAIN LANGUAGE: <strong>English<\/strong><br \/>\nLANGUAGE VERSION (S) IN WHICH MATERIALS WILL BE PROVIDED: <strong>English<\/strong><\/p>\n<p>EDUCATION SECTOR OF THE TRAINING PARTICIPANTS<br \/>\nSCHOOL AND PRE-SCHOOL EDUCATION<br \/>\nPre- Primary<br \/>\nPrimary<br \/>\nGeneral secondary<br \/>\nVocational\/ Technical secondary<br \/>\nSpecial education for disabled persons<br \/>\nADULT EDUCATION<br \/>\nAdult education Provider<br \/>\nSecond change or remedial education adult education for diable persons<br \/>\nOrganisations working with migrant groups\/ ethnic minorities<br \/>\nTARGENT AUDIENCE<br \/>\nTeachers (Pre-school, primary, secondary, vocational, adult, special needs)<br \/>\nTeacher trainers<br \/>\nCareers officers, educational guides and counselors<br \/>\nHeadteachers\/ principals\/ managers of schools\/ organisations offering adult education<br \/>\nNo-teaching administrative staff<br \/>\nOther, namely: social workers<\/p>\n<p>INSTITUTION ORGANISING THE TRAINING<br \/>\nNAME OF THE ORGANISATION: <strong>IfeL Institut f\u00fcr europ\u00e4ische Lehrerfortbilgung UG (haftungsbeschr\u00e4nkt)<\/strong><br \/>\nSTREET AND NUMBER: <strong>Klaus \u2013 Groth \u2013 Str. 84<\/strong><br \/>\nPOSTCODE: <strong>20535<\/strong><br \/>\nTOWN\/ CITY: <strong>Hamburg<\/strong><br \/>\nCOUNTRY:Germany<br \/>\nWEBSITE: <strong>www.ifel-<\/strong>institut<strong>.eu<\/strong><\/p>\n<p>ORGANISER OF THE TRAINING:<br \/>\nPERSON: <strong>Dzintra Dreyer<\/strong><br \/>\nTEL NR: <strong>+49 403259 9029<\/strong><br \/>\nEMAIL: <strong>ifel-institut@web.de<\/strong><br \/>\nEMAIL: <strong>kontakt@ifel-institut.eu<\/strong><\/p>\n<p><strong>FULL DESCRIPTION OF TRAINING CONTENTS IN THE LANGUAGE OF THE TRAINING: (EN)<\/strong><\/p>\n<p><strong>Preparation<\/strong><br \/>\nAll participants have to work out questions on intercultural project management to discuss them within the training group. Participants will recieve basic information on project management and intercultural communication before the course.<\/p>\n<p><strong>Objectives<\/strong><br \/>\nThe Training course <strong>Project Management for Cross-cultural Exchange Projects in Europe<\/strong> aims tp expand the participants\u00b4understanding of executing, developing, planning and Managing European Projects. It will include:<br \/>\n\u2013 an overview of the relevant European funded programs<br \/>\n\u2013 sources of Information and helpful indicators to analyze the information about project planning, development and management<br \/>\n\u2013 partner search strategies<br \/>\n\u2013 partner roles in project management<br \/>\n\u2013 project financial management<br \/>\n\u2013 monitoring of projects<br \/>\n\u2013 evaluation, dissemination and valorization srtategies<br \/>\n\u2013 common problems and how to avoid them<br \/>\n\u2013 intercultural communication strategies<\/p>\n<p><strong>Methodology<\/strong><br \/>\nThe course lasts 48 hours and will consist of theoretical and practical activities. The methodology will be based on Integration of theory and practice as well as sharing Expertise and analyzing case studies. The following methods will be applied:<br \/>\n\u2013 plenary<br \/>\n\u2013 discussions in pairs and small Groups<br \/>\n\u2013 role Plays<br \/>\n\u2013 interactive poster sessions<br \/>\n\u2013 workshops<\/p>\n<p><strong>Follow-up<\/strong><br \/>\nAfter the course the participants will exchange their Project Management experience on the course platform as well ask questions they are interested in. The international instructions from different EU countries will also be avaible after the course to provide individual assistance.<\/p>\n<p>PROGRAMME OF THE TRAINING ACTIVITIES (DAY BY DAY) IN THE LANGUAGE OF THE TRAINING:<\/p>\n<p><strong>Sunday<\/strong><br \/>\n09:00 Greeting in the seminar room and warming up<br \/>\n09:15 Introduction of the participants and presentation of the course program<br \/>\n10:40 The overview of possiblities of international project work<br \/>\n11:30 Overview of the Erasmus+ program<br \/>\n14:00 The structure of international project application forms<br \/>\n16:30 Intercultural exchange and sightseeing of cultural and historical relevant places<br \/>\n17:00 Individual consultation by the coaching team (by appointment)<\/p>\n<p><strong>Monday<\/strong><br \/>\n09:00 Warming up<br \/>\n09:15 Phases of intercultural project work \u2013 Seasson 1 (the project initation phase; the partner finding phase; the project planning phase; the team building phase)<br \/>\n10:30 Phases of intercultural project work \u2013 Seasson 2 (the project implementation phase; monitoring; the phase following of the project- on going evaluation)<br \/>\n12:00 Intercultural interaction activity \u2013 The perception of a foreign cultire through their own cultural glasses<br \/>\n14:00 Project Management Workshop 1: The relevance of the topic for project work<br \/>\nIntercultural Workshop 1: Contructive cooperation in the project\/ intercultural interaction activities for project work<br \/>\n17:00 Individual consultation by the coaching team (by appointment)<br \/>\n20.15 International evening: The participants will present cross- cultural peculiarities of their country<\/p>\n<p><strong>Tuesday<\/strong><br \/>\n09:00 Warming up<br \/>\n09:15 Phases of intercultural project work \u2013 Seasson 3 (basic questions to the project accounting)<br \/>\n10:45 `World Cafe`<br \/>\n11:45 Project Management Workshop 2: Planning of cross-cultural encounters<br \/>\nIntercultural Workshop 2: Different people \u2013 different cultures<br \/>\n14:00 Benefits and dangers of prejudice<br \/>\n15:15 Project Management Workshop 3: Planning of cross-cultural encounters<br \/>\nIntercultural Workshop 3: Different people \u2013 different cultures in our own country<br \/>\n17:00 Individual consultation by the coaching team (by appointment)<\/p>\n<p><strong>Wedenesday<\/strong><br \/>\n09:00 Warming up<br \/>\n09:15 Phases of intercultural project work \u2013 Seasson 4 (dissemination, exploration, sustainability)<br \/>\n10:40 Sharing experience of project management<br \/>\n11:30 Intercultural interaction activity<br \/>\n12:30 Sharing experience of project management<br \/>\n14:00 Project Management Workshop 4: The cross- cultural cooperation<br \/>\nIntercultural Workshop 4: Preparation of the national Team members on the intercultural project work<br \/>\n15:30 Project Management Workshop 5: Challenges in the cooperation of intercultural project work<br \/>\nIntercultural Workshop 5: Cross- cultural differences in understanding of quality<br \/>\n17:00 Individual consultation by the coaching team (by appointment)<br \/>\n20:00 International evening: The participants will present cross- cultural peculiarities of their country<\/p>\n<p><strong>Thursday<\/strong><br \/>\n09:00 Warming up<br \/>\n09:15 Phases of intercultural project work \u2013 Seasson 5 (finalization phases of the project work)<br \/>\n10:40 Use of IT technologies in the project work<br \/>\n11:00 Challenges in the project work<br \/>\n11:30 Intercultural interaction activity<br \/>\n12:30 Sharing experience of project management<br \/>\n14:00 Presentation of intercultural group<br \/>\n16:30 Intercultural exchange and sightseeing of cultural and historical relevant places<br \/>\n17:00 Individual consultation by the coaching team (by appointment)<\/p>\n<p><strong>Friday<\/strong><br \/>\n09:00 Warming up<br \/>\n09:15 Strategies for dissemination of seminar results<br \/>\n10:00 Preparation of the presentations of workshop results<br \/>\n11:15 Presentation and discussion of workshop results<br \/>\n12:00 Presentation of the created projects<br \/>\n14:00 Evaluation of the course\/ Feedback of the participants<br \/>\n15:30 Distribution of certificates<br \/>\n17:00 Individual consultation by the coaching team (by appointment)<br \/>\n19:45 Final evening<\/p>\n<p>TYPE OF CERTIFICATION OF ATTENDANCE AWARDED IN THE LANGUAGE OF THE TRAINING: <strong>Certificate of attendance including <\/strong>description<strong> of <\/strong>trainng<strong> Content and time input<\/strong><\/p>\n<p>DATE OF START: <strong>21\/ 07\/ 2019<\/strong><br \/>\nTIME OF START: <strong>09.00<\/strong><br \/>\nDATE OF END: <strong>26\/ 07\/ 2019<\/strong><br \/>\nTIME OF END: <strong>16.00<\/strong><\/p>\n<p>NAME OF HOST INSTITUTION: <strong>hotel<\/strong><br \/>\nTOWN\/ CITY: <strong>Porto- Maia<\/strong><br \/>\nCOUNTRY: <strong>Portugal<\/strong><\/p>\n<p>CONTACT PERSON FOR THIS COURSE SESSION:<br \/>\nNAME: <strong>Dzintra Dreyer<\/strong><br \/>\nTELNR: <strong>+49 173 900 1894<\/strong><br \/>\nEMAIL: <strong>ifel-institut@web.de<\/strong><\/p>\n<p><strong>IDENTIFICATION OF THE TRAINER\/S: NAME, PROFESSIONAL QUALIFICATION, ROLE DURING THE TRAINING:<\/strong><\/p>\n<p>Dzintra Dreyer \u2013 Germany \u2013 Trainer \u2013 Master of Education Science, Projectmanager<br \/>\nMaria do Rosario Goncalves da Silva Rodrigues Ferreira \u2013 Portugal \u2013 Trainer \u2013 Master of Education Science<br \/>\nDulijana Juricic \u2013 Slovenia \u2013 Trainer \u2013 Master of Pedagogic, Projectmanager<\/p>\n<p>FEE IN \u20ac FOR ACCOMODATION AND MEALS:<\/p>\n<p><strong>685.00\u20ac (accommodation in a single room &amp; all meals)<\/strong><br \/>\n<strong>555.00\u20ac (accommodation (per person) in a double room &amp; all meals)<\/strong><br \/>\nCOURSE FEE IN \u20ac (TUTION AND MATERIALS): <strong>700.00\u20ac<\/strong><br \/>\nCANCELATION FEE IN \u20ac (WHERE APPLICABLE): <strong>no<\/strong><br \/>\n[\/et_pb_text][\/et_pb_column][et_pb_column type=&#8221;1_4&#8243; _builder_version=&#8221;3.0.47&#8243; padding_bottom=&#8221;30px&#8221; padding_left=&#8221;20px&#8221; padding_right=&#8221;20px&#8221; padding_top=&#8221;30px&#8221; background_color=&#8221;#ffffff&#8221; parallax=&#8221;off&#8221; parallax_method=&#8221;on&#8221;][et_pb_image src=&#8221;http:\/\/ifel-institut.eu\/wp-content\/uploads\/2019\/01\/porto-343487_640.jpg&#8221; _builder_version=&#8221;3.19.5&#8243;][\/et_pb_image][et_pb_sidebar area=&#8221;sidebar-custom&#8221; _builder_version=&#8221;3.17.6&#8243; custom_padding=&#8221;|0px||&#8221;][\/et_pb_sidebar][\/et_pb_column][\/et_pb_row][\/et_pb_section]<\/p>\n","protected":false},"excerpt":{"rendered":"<p>[et_pb_section fb_built=&#8221;1&#8243; _builder_version=&#8221;3.17.6&#8243; custom_padding=&#8221;0px||0px|&#8221;][et_pb_row make_fullwidth=&#8221;on&#8221; use_custom_gutter=&#8221;on&#8221; gutter_width=&#8221;1&#8243; custom_padding=&#8221;0px||0px|&#8221; _builder_version=&#8221;3.17.6&#8243;][et_pb_column type=&#8221;4_4&#8243; _builder_version=&#8221;3.0.47&#8243; parallax=&#8221;off&#8221; parallax_method=&#8221;on&#8221;][et_pb_slider _builder_version=&#8221;3.19.5&#8243;][et_pb_slide heading=&#8221;5. Course in Porto- Maia, Portugal from 19. to 24.07.2020&#8243; use_bg_overlay=&#8221;off&#8221; use_text_overlay=&#8221;off&#8221; _builder_version=&#8221;3.19.5&#8243; header_text_align=&#8221;center&#8221; body_text_align=&#8221;center&#8221; button_on_hover=&#8221;on&#8221; button_alignment=&#8221;center&#8221; custom_padding=&#8221;100px||100px|&#8221; custom_padding_tablet=&#8221;0px||0px|&#8221; custom_padding_phone=&#8221;0px||0px|&#8221; background_color=&#8221;#0055a5&#8243;][\/et_pb_slide][\/et_pb_slider][\/et_pb_column][\/et_pb_row][\/et_pb_section][et_pb_section fb_built=&#8221;1&#8243; _builder_version=&#8221;3.17.6&#8243;][et_pb_row make_fullwidth=&#8221;on&#8221; use_custom_gutter=&#8221;on&#8221; gutter_width=&#8221;1&#8243; custom_padding=&#8221;0px||0px|&#8221; make_equal=&#8221;on&#8221; background_color_1=&#8221;#3498e4&#8243; background_color_2=&#8221;#ffffff&#8221; background_color_3=&#8221;#ffffff&#8221; padding_top_1=&#8221;30px&#8221; padding_top_2=&#8221;30px&#8221; padding_top_3=&#8221;30px&#8221; padding_right_1=&#8221;20px&#8221; padding_right_2=&#8221;30px&#8221; padding_right_3=&#8221;20px&#8221; padding_bottom_1=&#8221;30px&#8221; padding_bottom_2=&#8221;30px&#8221; padding_bottom_3=&#8221;30px&#8221; padding_left_1=&#8221;20px&#8221; [&hellip;]<\/p>\n","protected":false},"author":4,"featured_media":0,"parent":0,"menu_order":0,"comment_status":"closed","ping_status":"closed","template":"","meta":{"_et_pb_use_builder":"on","_et_pb_old_content":""},"aioseo_notices":[],"_links":{"self":[{"href":"http:\/\/ifel-institut.eu\/en\/wp-json\/wp\/v2\/pages\/482"}],"collection":[{"href":"http:\/\/ifel-institut.eu\/en\/wp-json\/wp\/v2\/pages"}],"about":[{"href":"http:\/\/ifel-institut.eu\/en\/wp-json\/wp\/v2\/types\/page"}],"author":[{"embeddable":true,"href":"http:\/\/ifel-institut.eu\/en\/wp-json\/wp\/v2\/users\/4"}],"replies":[{"embeddable":true,"href":"http:\/\/ifel-institut.eu\/en\/wp-json\/wp\/v2\/comments?post=482"}],"version-history":[{"count":5,"href":"http:\/\/ifel-institut.eu\/en\/wp-json\/wp\/v2\/pages\/482\/revisions"}],"predecessor-version":[{"id":763,"href":"http:\/\/ifel-institut.eu\/en\/wp-json\/wp\/v2\/pages\/482\/revisions\/763"}],"wp:attachment":[{"href":"http:\/\/ifel-institut.eu\/en\/wp-json\/wp\/v2\/media?parent=482"}],"curies":[{"name":"wp","href":"https:\/\/api.w.org\/{rel}","templated":true}]}}